{"id":26,"date":"2007-12-17T11:18:21","date_gmt":"2007-12-17T10:18:21","guid":{"rendered":"http:\/\/www.atvomsolscheid.de\/wordpress\/?page_id=26"},"modified":"2009-09-28T11:14:03","modified_gmt":"2009-09-28T10:14:03","slug":"clairchen-vom-solscheid","status":"publish","type":"page","link":"https:\/\/www.atvomsolscheid.de\/wordpress\/zuchthundinnen\/clairchen-vom-solscheid\/","title":{"rendered":"Clairchen vom Solscheid"},"content":{"rendered":"<br \/>\n<table style=\"margin-left: auto; margin-right: auto; text-align: left\" border=\"0\">\n<tr>\n<td style=\"text-align: center\"><img loading=\"lazy\" decoding=\"async\" src=\"https:\/\/www.atvomsolscheid.de\/wordpress\/grafiken\/sb_clairchen.jpg\" width=\"465\" height=\"324\" \/><\/td>\n<\/tr>\n<\/table>\n<p>&#8222;Clairchen vom Solscheid&#8220; *31.10.94 &#8211; +13.06.08 <a href=\"https:\/\/www.atvomsolscheid.de\/wordpress\/?page_id=37\">(K\u00f6rbericht ansehen)<\/a><\/p>\n<p style=\"text-align: justify\"><font size=\"2\" face=\"Verdana\">Der F, G, K und der L-Wurf stammen von <strong>\u201c<\/strong><a href=\"https:\/\/www.atvomsolscheid.de\/wordpress\/?page_id=26\"><strong>Clairchen vom Solscheid<\/strong><\/a><strong>\u201c<\/strong> (HD A1, ZW 94) ab. Sie hatte die Ausbildungskennzeichen AD, VPG 3, FH 1+2, IPO FH und besa\u00df die K\u00f6rklasse 1a. Auf Ausstellungen wurde diese H\u00fcndin mehrmals mit dem Formwert \u201cV\u201d beurteilt. Clairchen hat an mehreren Ausscheidungspr\u00fcfungen auf Kreis &#8211; und Landesebene (DVG + KfT) &#8211; sowohl VPG als auch FH &#8211; sowie zweimal an der Klubf\u00e4hrtenhundsiegerpr\u00fcfung erfolgreich teilgenommen. Clairchen zeichnete sich durch ihr durchaus souver\u00e4nes Wesen aus &#8211; laut <a href=\"https:\/\/www.atvomsolscheid.de\/wordpress\/?page_id=37\" style=\"font-weight: bold\"><font color=\"#000000\">K\u00f6rbericht<\/font><\/a> \u201ceine temperamentvolle H\u00fcndin mit ruhigem, sicheren Wesen\u201d. Im Februar 2003 hat Clairchen ein letztes Mal Welpen zur Welt gebracht. Nach der KFSP 2005 haben wir beschlossen, dass Clairchen &#8211; damals 11 Jahre alt &#8211; sich ins Rentendasein zur\u00fcckzieht und schwerpunktm\u00e4\u00dfig m\u00e4usebuddeln darf. Sie hatte eine erstaunliche Erfolgsbilanz aufzuweisen! Sie wurde mehr als 13 1\/2 Jahre alt und starb im Juni 2008.<\/font><\/p>\n<p style=\"text-align: center\"><img loading=\"lazy\" decoding=\"async\" src=\"https:\/\/www.atvomsolscheid.de\/wordpress\/grafiken\/clairchen.jpg\" title=\"Zuchth\u00fcndin Clairchen vom Solscheid\" border=\"1\" width=\"150\" height=\"207\" \/><\/p>\n","protected":false},"excerpt":{"rendered":"<p> \t&#8222;Clairchen vom Solscheid&#8220; *31.10.94 &#8211; +13.06.08 (K\u00f6rbericht ansehen) Der F, G, K und der L-Wurf stammen von \u201cClairchen vom Solscheid\u201c (HD A1, ZW 94) ab. Sie hatte die Ausbildungskennzeichen AD, VPG 3, FH 1+2, IPO FH und besa\u00df die K\u00f6rklasse 1a. Auf Ausstellungen wurde diese H\u00fcndin mehrmals mit dem Formwert \u201cV\u201d beurteilt. Clairchen hat an [&hellip;]<\/p>\n","protected":false},"author":3,"featured_media":0,"parent":9,"menu_order":3,"comment_status":"closed","ping_status":"closed","template":"","meta":{"footnotes":""},"class_list":["post-26","page","type-page","status-publish","hentry"],"_links":{"self":[{"href":"https:\/\/www.atvomsolscheid.de\/wordpress\/wp-json\/wp\/v2\/pages\/26","targetHints":{"allow":["GET"]}}],"collection":[{"href":"https:\/\/www.atvomsolscheid.de\/wordpress\/wp-json\/wp\/v2\/pages"}],"about":[{"href":"https:\/\/www.atvomsolscheid.de\/wordpress\/wp-json\/wp\/v2\/types\/page"}],"author":[{"embeddable":true,"href":"https:\/\/www.atvomsolscheid.de\/wordpress\/wp-json\/wp\/v2\/users\/3"}],"replies":[{"embeddable":true,"href":"https:\/\/www.atvomsolscheid.de\/wordpress\/wp-json\/wp\/v2\/comments?post=26"}],"version-history":[{"count":0,"href":"https:\/\/www.atvomsolscheid.de\/wordpress\/wp-json\/wp\/v2\/pages\/26\/revisions"}],"up":[{"embeddable":true,"href":"https:\/\/www.atvomsolscheid.de\/wordpress\/wp-json\/wp\/v2\/pages\/9"}],"wp:attachment":[{"href":"https:\/\/www.atvomsolscheid.de\/wordpress\/wp-json\/wp\/v2\/media?parent=26"}],"curies":[{"name":"wp","href":"https:\/\/api.w.org\/{rel}","templated":true}]}}